{"id":94,"date":"2016-02-19T22:05:42","date_gmt":"2016-02-19T21:05:42","guid":{"rendered":"http:\/\/www.sankt-josef-es.de\/wpstes\/?page_id=94"},"modified":"2026-03-09T20:27:17","modified_gmt":"2026-03-09T19:27:17","slug":"kirchengemeinderat","status":"publish","type":"page","link":"https:\/\/www.sankt-josef-es.de\/wpstes\/wir-ueber-uns\/gremien\/kirchengemeinderat\/","title":{"rendered":"Kirchengemeinderat"},"content":{"rendered":"<p>Wir vom KGR werden alle 5 Jahre von den Gemeindemitgliedern gew\u00e4hlt.<\/p>\n<p>Unsere wesentlichen Aufgaben sind:<\/p>\n<ul>\n<li>Die Gemeinde nach innen und au\u00dfen vertreten<\/li>\n<li>Ver\u00e4nderungen ansto\u00dfen und begleiten<\/li>\n<li>Kontakt halten zu den verschiedenen Gruppen und Gremien der Gemeinde und der Gesamtkirchengemeinde sowie zu den evangelischen Kirchengemeinden des Esslinger Nordens<\/li>\n<li>Verabschiedung des Jahreshaushalts<\/li>\n<\/ul>\n<p>Wir freuen uns, wenn Sie mit Ihren Vorstellungen und Anregungen auf uns zukommen. Kontakt zum Kirchengemeinderat k\u00f6nnen Sie \u00fcber die unten genannten Emailadressen oder das Pfarrb\u00fcro aufnehmen.<\/p>\n<hr class=\"regular\" \/>\n<p>(Die folgende \u00dcbersicht k\u00f6nnen Sie auch <span style=\"text-decoration: underline;\"><em><strong><a href=\"https:\/\/www.sankt-josef-es.de\/wpstes\/wp-content\/uploads\/KGR\/members\/20250526KGR.pdf\" target=\"_blank\" rel=\"noopener\">hier<\/a><\/strong><\/em><\/span> als PDF-Datei herunterladen).<\/p>\n<h2>Mitglieder des Kirchengemeinderats<\/h2>\n<div class=\"container_kgr\"><div class=\"box_member_kgr\"><div class=\"container_member_kgr_img\"><a href=\"\/wpstes\/wp-content\/uploads\/KGR\/members\/moehler.png\"><img decoding=\"async\" class=\"member_kgr_img\" src=\"\/wpstes\/wp-content\/uploads\/KGR\/members\/moehler.png\" ><\/a><\/div><div class=\"member_kgr_name\">Pfarrer Stefan M\u00f6hler<\/div><div class=\"member_kgr_function\">Vorsitzender<\/div><div class=\"member_kgr_email\"><a href=\"mailto:stefan.moehler@drs.de\">stefan.moehler@drs.de<\/a><\/div><div class=\"box_member_kgr_member_of\"><\/div><\/div><div class=\"box_member_kgr\"><div class=\"container_member_kgr_img\"><a href=\"\/wpstes\/wp-content\/uploads\/KGR\/members\/eichner.png\"><img decoding=\"async\" class=\"member_kgr_img\" src=\"\/wpstes\/wp-content\/uploads\/KGR\/members\/eichner.png\" ><\/a><\/div><div class=\"member_kgr_name\"> Jutta Eichner<\/div><div class=\"member_kgr_function\">gew\u00e4hlte Vorsitzende<\/div><div class=\"member_kgr_email\"><a href=\"mailto:j.eichner@sankt-josef-es.de\">j.eichner@sankt-josef-es.de<\/a><\/div><div class=\"box_member_kgr_member_of\"><div class=\"member_kgr_header_member_of\">Mitglied in:<\/div><ul class=\"member_kgr_ul\"><li>Verwaltungsausschuss<\/li><li>Gesch\u00e4ftsf\u00fchrender Ausschuss<\/li><\/ul><\/div><\/div><div class=\"box_member_kgr\"><div class=\"container_member_kgr_img\"><a href=\"\/wpstes\/wp-content\/uploads\/KGR\/members\/albers.png\"><img decoding=\"async\" class=\"member_kgr_img\" src=\"\/wpstes\/wp-content\/uploads\/KGR\/members\/albers.png\" ><\/a><\/div><div class=\"member_kgr_name\"> Maria Albers<\/div><div class=\"member_kgr_function\"><\/div><div class=\"member_kgr_email\"><a href=\"mailto:m.albers@sankt-josef-es.de\">m.albers@sankt-josef-es.de<\/a><\/div><div class=\"box_member_kgr_member_of\"><div class=\"member_kgr_header_member_of\">Mitglied in:<\/div><ul class=\"member_kgr_ul\"><li>Gesamt KGR<\/li><\/ul><\/div><\/div><div class=\"box_member_kgr\"><div class=\"container_member_kgr_img\"><a href=\"\/wpstes\/wp-content\/uploads\/KGR\/members\/dietz.png\"><img decoding=\"async\" class=\"member_kgr_img\" src=\"\/wpstes\/wp-content\/uploads\/KGR\/members\/dietz.png\" ><\/a><\/div><div class=\"member_kgr_name\"> Thomas Dietz<\/div><div class=\"member_kgr_function\">stv. gew\u00e4hlter Vorsitzender<\/div><div class=\"member_kgr_email\"><a href=\"mailto:t.dietz@sankt-josef-es.de\">t.dietz@sankt-josef-es.de<\/a><\/div><div class=\"box_member_kgr_member_of\"><div class=\"member_kgr_header_member_of\">Mitglied in:<\/div><ul class=\"member_kgr_ul\"><li>\u00d6ffentlichkeitsarbeit<\/li><\/ul><\/div><\/div><div class=\"box_member_kgr\"><div class=\"container_member_kgr_img\"><a href=\"\/wpstes\/wp-content\/uploads\/KGR\/members\/fasoli.png\"><img decoding=\"async\" class=\"member_kgr_img\" src=\"\/wpstes\/wp-content\/uploads\/KGR\/members\/fasoli.png\" ><\/a><\/div><div class=\"member_kgr_name\"> Valerio Fasoli<\/div><div class=\"member_kgr_function\"><\/div><div class=\"member_kgr_email\"><a href=\"mailto:v.fasoli@sankt-josef-es.de\">v.fasoli@sankt-josef-es.de<\/a><\/div><div class=\"box_member_kgr_member_of\"><div class=\"member_kgr_header_member_of\">Mitglied in:<\/div><ul class=\"member_kgr_ul\"><li>Liturgieausschuss<\/li><li>Deligierter keb Esslingen<\/li><\/ul><\/div><\/div><div class=\"box_member_kgr\"><div class=\"container_member_kgr_img\"><a href=\"\/wpstes\/wp-content\/uploads\/KGR\/members\/herrmann.png\"><img decoding=\"async\" class=\"member_kgr_img\" src=\"\/wpstes\/wp-content\/uploads\/KGR\/members\/herrmann.png\" ><\/a><\/div><div class=\"member_kgr_name\"> Rosemarie Herrmann<\/div><div class=\"member_kgr_function\"><\/div><div class=\"member_kgr_email\"><a href=\"mailto:r.herrmann@sankt-josef-es.de\">r.herrmann@sankt-josef-es.de<\/a><\/div><div class=\"box_member_kgr_member_of\"><div class=\"member_kgr_header_member_of\">Mitglied in:<\/div><ul class=\"member_kgr_ul\"><li>Verwaltungsausschuss<\/li><\/ul><\/div><\/div><div class=\"box_member_kgr\"><div class=\"container_member_kgr_img\"><a href=\"\/wpstes\/wp-content\/uploads\/KGR\/members\/joos.png\"><img decoding=\"async\" class=\"member_kgr_img\" src=\"\/wpstes\/wp-content\/uploads\/KGR\/members\/joos.png\" ><\/a><\/div><div class=\"member_kgr_name\"> Stefanie Joos<\/div><div class=\"member_kgr_function\"><\/div><div class=\"member_kgr_email\"><a href=\"mailto:s.joos@sankt-josef-es.de\">s.joos@sankt-josef-es.de<\/a><\/div><div class=\"box_member_kgr_member_of\"><div class=\"member_kgr_header_member_of\">Mitglied in:<\/div><ul class=\"member_kgr_ul\"><li>Liturgieausschuss<\/li><li>Gesamt KGR (stv.)<\/li><li>KiGa Beauftragte<\/li><\/ul><\/div><\/div><div class=\"box_member_kgr\"><div class=\"container_member_kgr_img\"><a href=\"\/wpstes\/wp-content\/uploads\/KGR\/members\/klvana.png\"><img decoding=\"async\" class=\"member_kgr_img\" src=\"\/wpstes\/wp-content\/uploads\/KGR\/members\/klvana.png\" ><\/a><\/div><div class=\"member_kgr_name\"> Martina Klvana-Mai\u00df<\/div><div class=\"member_kgr_function\"><\/div><div class=\"member_kgr_email\"><a href=\"mailto:m.klvana@sankt-josef-es.de\">m.klvana@sankt-josef-es.de<\/a><\/div><div class=\"box_member_kgr_member_of\"><div class=\"member_kgr_header_member_of\">Mitglied in:<\/div><ul class=\"member_kgr_ul\"><li>Liturigieausschuss<\/li><\/ul><\/div><\/div><div class=\"box_member_kgr\"><div class=\"container_member_kgr_img\"><a href=\"\/wpstes\/wp-content\/uploads\/KGR\/members\/knetsch.png\"><img decoding=\"async\" class=\"member_kgr_img\" src=\"\/wpstes\/wp-content\/uploads\/KGR\/members\/knetsch.png\" ><\/a><\/div><div class=\"member_kgr_name\"> Wolfgang Knetsch<\/div><div class=\"member_kgr_function\"><\/div><div class=\"member_kgr_email\"><a href=\"mailto:w.knetsch@sankt-josef-es.de\">w.knetsch@sankt-josef-es.de<\/a><\/div><div class=\"box_member_kgr_member_of\"><div class=\"member_kgr_header_member_of\">Mitglied in:<\/div><ul class=\"member_kgr_ul\"><li>Verwaltungsausschuss<\/li><li>Gesamt KGR<\/li><\/ul><\/div><\/div><div class=\"box_member_kgr\"><div class=\"container_member_kgr_img\"><a href=\"\/wpstes\/wp-content\/uploads\/KGR\/members\/rohrhirsch.png\"><img decoding=\"async\" class=\"member_kgr_img\" src=\"\/wpstes\/wp-content\/uploads\/KGR\/members\/rohrhirsch.png\" ><\/a><\/div><div class=\"member_kgr_name\"> Christof Rohrhirsch<\/div><div class=\"member_kgr_function\"><\/div><div class=\"member_kgr_email\"><a href=\"mailto:c.rohrhirsch@sankt-josef-es.de\">c.rohrhirsch@sankt-josef-es.de<\/a><\/div><div class=\"box_member_kgr_member_of\"><div class=\"member_kgr_header_member_of\">Mitglied in:<\/div><ul class=\"member_kgr_ul\"><li>Gesamt KGR<\/li><li>Caritasausschuss<\/li><\/ul><\/div><\/div><\/div>\n<hr class=\"regular\" \/>\n<div class=\"container_ausschuesse\">\n<h2 class=\"kgr_aussch\">Aussch\u00fcsse in unserem Kirchengemeinderat St. Josef<\/h2>\n<p class=\"subtitle_ausschuss\">In der KGR-Sitzung vom 22. Mai haben wir beschlossen<\/p>\n<h4 class=\"hr4_ausschuss\">die folgenden Aussch\u00fcsse zu bilden:<\/h4>\n<ul>\n<li><strong>Caritasausschuss<\/strong>\n<ul>\n<li>Christof Rohrhirsch<\/li>\n<li>(Renate Rohrhirsch)<\/li>\n<\/ul>\n<\/li>\n<li><strong>Liturgieausschuss<\/strong>\n<ul>\n<li>(Fritz Buhro)<\/li>\n<li>Valerio Fasoli<\/li>\n<li>Stefanie Joos<\/li>\n<li>Martina Klvana-Mai\u00df<\/li>\n<\/ul>\n<\/li>\n<li><strong>Verwaltungsausschuss<\/strong>\n<ul>\n<li>Jutta Eichner<\/li>\n<li>Rosemarie Herrmann<\/li>\n<li>Wolfgang Knetsch\n<\/li>\n<\/ul>\n<\/li>\n<\/ul>\n<h4 class=\"hr4_ausschuss\">in folgenden Gremien mitzuarbeiten:<\/h4>\n<ul>\n<li><strong>Gesamt KGR<\/strong>\n<ul>\n<li>Maria Albers<\/li>\n<li>Stefanie Joos [Stellvetreterin]<\/li>\n<li>Martina Klvana-Mai\u00df<\/li>\n<li>Wolfgang Knetsch<\/li>\n<li>Christoph Rohrhirsch<\/li>\n<\/ul>\n<\/li>\n<li><strong>Gesch\u00e4ftsf\u00fchrender Ausschuss<\/strong>\n<ul>\n<li>Jutta Eichner<\/li>\n<li>Wolfgang Knetsch<\/li>\n<\/ul>\n<\/li>\n<\/ul>\n<h4 class=\"hr4_ausschuss\">folgende Beauftragte zu benennen:<\/h4>\n<ul>\n<li><strong>Kindergartenbeauftragte<\/strong>\n<ul>\n<li>Stefanie Joos<\/li>\n<\/ul>\n<\/li>\n<li><strong>Kontakt zur keb-Esslingen<\/strong>\n<ul>\n<li>Valerio Fasoli<\/li>\n<\/ul>\n<\/li>\n<li><strong>\u00d6ffentlichkeitsarbeit<\/strong>\n<ul>\n<li>Thomas Dietz<\/li>\n<\/ul>\n<\/li>\n<\/ul>\n<h4 class=\"hr4_ausschuss\">in folgenden Gremien nicht vertreten zu sein:<\/h4>\n<ul>\n<li><strong>Dekanatsrat<\/strong>\n<ul>\n<li>keine Vertretung von St. Josef<\/li>\n<\/ul>\n<\/li>\n<li>F<strong>\u00f6rderverein Esslingen Nord<\/strong>\n<ul>\n<li>Beschluss zur Teilnahme vertagt<\/li>\n<\/ul>\n<\/li>\n<\/ul>\n<\/div>\n\n<!-- Page-list plugin v.5.9 wordpress.org\/plugins\/page-list\/ -->\n<!-- no pages to show -->\n<hr class=\"regular\" \/>\n<p><strong>N\u00e4chste Sitzungen:<br \/>\n<\/strong><div id=\"vsel\" class=\"vsel-shortcode vsel-shortcode-upcoming-events\"><p class=\"vsel-no-events\">Keine Veranstaltungen gefunden.<\/p><\/div><\/p>\n","protected":false},"excerpt":{"rendered":"<p>Wir vom KGR werden alle 5 Jahre von den Gemeindemitgliedern gew\u00e4hlt. Unsere wesentlichen Aufgaben sind: Die Gemeinde nach innen und au\u00dfen vertreten Ver\u00e4nderungen ansto\u00dfen und begleiten Kontakt halten zu den verschiedenen Gruppen und Gremien der Gemeinde und der Gesamtkirchengemeinde sowie<\/p>\n","protected":false},"author":1,"featured_media":0,"parent":12,"menu_order":0,"comment_status":"closed","ping_status":"closed","template":"","meta":{"_acf_changed":false,"iawp_total_views":3,"footnotes":""},"class_list":["post-94","page","type-page","status-publish","hentry"],"acf":[],"publishpress_future_action":{"enabled":false,"date":"2026-05-07 13:59:24","action":"change-status","newStatus":"draft","terms":[],"taxonomy":"","extraData":[]},"publishpress_future_workflow_manual_trigger":{"enabledWorkflows":[]},"_links":{"self":[{"href":"https:\/\/www.sankt-josef-es.de\/wpstes\/wp-json\/wp\/v2\/pages\/94","targetHints":{"allow":["GET"]}}],"collection":[{"href":"https:\/\/www.sankt-josef-es.de\/wpstes\/wp-json\/wp\/v2\/pages"}],"about":[{"href":"https:\/\/www.sankt-josef-es.de\/wpstes\/wp-json\/wp\/v2\/types\/page"}],"author":[{"embeddable":true,"href":"https:\/\/www.sankt-josef-es.de\/wpstes\/wp-json\/wp\/v2\/users\/1"}],"replies":[{"embeddable":true,"href":"https:\/\/www.sankt-josef-es.de\/wpstes\/wp-json\/wp\/v2\/comments?post=94"}],"version-history":[{"count":13,"href":"https:\/\/www.sankt-josef-es.de\/wpstes\/wp-json\/wp\/v2\/pages\/94\/revisions"}],"predecessor-version":[{"id":12882,"href":"https:\/\/www.sankt-josef-es.de\/wpstes\/wp-json\/wp\/v2\/pages\/94\/revisions\/12882"}],"up":[{"embeddable":true,"href":"https:\/\/www.sankt-josef-es.de\/wpstes\/wp-json\/wp\/v2\/pages\/12"}],"wp:attachment":[{"href":"https:\/\/www.sankt-josef-es.de\/wpstes\/wp-json\/wp\/v2\/media?parent=94"}],"curies":[{"name":"wp","href":"https:\/\/api.w.org\/{rel}","templated":true}]}}