{"id":172,"date":"2016-06-10T20:28:50","date_gmt":"2016-06-10T18:28:50","guid":{"rendered":"http:\/\/www.sankt-josef-es.de\/wpstes\/?page_id=172"},"modified":"2026-04-26T17:45:20","modified_gmt":"2026-04-26T15:45:20","slug":"ministranten","status":"publish","type":"page","link":"https:\/\/www.sankt-josef-es.de\/wpstes\/aktive-gemeinde\/gottesdienstgestaltung\/ministranten\/","title":{"rendered":"Ministranten"},"content":{"rendered":"<p><img decoding=\"async\" style=\"margin-right: 10px; float: left; width: 100px; height: 63px;\" src=\"https:\/\/www.sankt-josef-es.de\/wpstes\/wp-content\/uploads\/Bilder_aktGe\/Mini1.jpg\" alt=\"\" \/>Wir sind zwischen 25 und 30 Minis, und stehen stellvertretend f\u00fcr die ganze Gemeinde am Altar und helfen bei der Liturgie.<\/p>\n<p>Es ist eine wichtige und verantwortungsvolle Aufgabe die wir ausf\u00fchren.<\/p>\n<p><img decoding=\"async\" style=\"float: right; padding-left: 10px;\" src=\"https:\/\/www.sankt-josef-es.de\/wpstes\/wp-content\/uploads\/Bilder_aktGe\/Mini2.jpg\" alt=\"\" \/><\/p>\n<p>Wir repr\u00e4sentiert vor der Gemeinde die Haltung, die je\u00addem Christ wesentlich eingepr\u00e4gt ist: Diener der anderen und da\u00admit Diener Jesu zu sein.<\/p>\n<p>Mitmachen k\u00f6nnen alle Kinder ab der Erstkommunion. Wir treffen uns \u00fcbers Jahr verteilt auch zu Pizzaessen und Spielen, Ausfl\u00fcgen oder zu besonderen Gottesdiensten.<\/p>\n<p>&nbsp;<\/p>\n<div class=\"blog-list-start\"><hr class=\"regular\" \/><h3 style=\"margin-top: 10px; margin-bottom: 10px; text-align: center;\">Neues von den Ministranten<\/h3><hr class=\"regular\" \/><div class=\"container-blog\"><a href=\"https:\/\/www.sankt-josef-es.de\/wpstes\/2026\/04\/26\/167-osterlaemmer-gebacken\/\"><div class=\"row_entry_blog\"> <div class=\"entry-blog-thumb-klein\"><img decoding=\"async\" src=\"https:\/\/www.sankt-josef-es.de\/wpstes\/wp-content\/uploads\/Neuigkeiten\/20260426mini\/mini_laemmer_thumbs_klein.jpg\"><\/div><div class=\"entry-blog-header\">167 Osterl\u00e4mmer gebacken<\/div><\/div><\/a><hr class=\"regular\" \/><\/div><\/div>\n<hr class=\"regular\" \/>\n<div style=\"text-align: center;\">\n<h3>N\u00e4chste Treffen<\/h3>\n<\/div>\n<hr class=\"regular\" \/>\n<div id=\"vsel\" class=\"vsel-shortcode vsel-shortcode-upcoming-events\"><p class=\"vsel-no-events\">Keine Veranstaltungen gefunden.<\/p><\/div>\n","protected":false},"excerpt":{"rendered":"<p>Wir sind zwischen 25 und 30 Minis, und stehen stellvertretend f\u00fcr die ganze Gemeinde am Altar und helfen bei der Liturgie. Es ist eine wichtige und verantwortungsvolle Aufgabe die wir ausf\u00fchren. Wir repr\u00e4sentiert vor der Gemeinde die Haltung, die je\u00addem<\/p>\n","protected":false},"author":1,"featured_media":0,"parent":20,"menu_order":3,"comment_status":"closed","ping_status":"closed","template":"","meta":{"_acf_changed":false,"iawp_total_views":4,"footnotes":""},"class_list":["post-172","page","type-page","status-publish","hentry"],"acf":[],"publishpress_future_action":{"enabled":false,"date":"2026-05-09 10:27:22","action":"change-status","newStatus":"draft","terms":[],"taxonomy":"","extraData":[]},"publishpress_future_workflow_manual_trigger":{"enabledWorkflows":[]},"_links":{"self":[{"href":"https:\/\/www.sankt-josef-es.de\/wpstes\/wp-json\/wp\/v2\/pages\/172","targetHints":{"allow":["GET"]}}],"collection":[{"href":"https:\/\/www.sankt-josef-es.de\/wpstes\/wp-json\/wp\/v2\/pages"}],"about":[{"href":"https:\/\/www.sankt-josef-es.de\/wpstes\/wp-json\/wp\/v2\/types\/page"}],"author":[{"embeddable":true,"href":"https:\/\/www.sankt-josef-es.de\/wpstes\/wp-json\/wp\/v2\/users\/1"}],"replies":[{"embeddable":true,"href":"https:\/\/www.sankt-josef-es.de\/wpstes\/wp-json\/wp\/v2\/comments?post=172"}],"version-history":[{"count":10,"href":"https:\/\/www.sankt-josef-es.de\/wpstes\/wp-json\/wp\/v2\/pages\/172\/revisions"}],"predecessor-version":[{"id":13536,"href":"https:\/\/www.sankt-josef-es.de\/wpstes\/wp-json\/wp\/v2\/pages\/172\/revisions\/13536"}],"up":[{"embeddable":true,"href":"https:\/\/www.sankt-josef-es.de\/wpstes\/wp-json\/wp\/v2\/pages\/20"}],"wp:attachment":[{"href":"https:\/\/www.sankt-josef-es.de\/wpstes\/wp-json\/wp\/v2\/media?parent=172"}],"curies":[{"name":"wp","href":"https:\/\/api.w.org\/{rel}","templated":true}]}}