{"id":105,"date":"2016-02-19T22:25:14","date_gmt":"2016-02-19T21:25:14","guid":{"rendered":"http:\/\/www.sankt-josef-es.de\/wpstes\/?page_id=105"},"modified":"2026-04-23T20:21:08","modified_gmt":"2026-04-23T18:21:08","slug":"hauptamtiches-team-von-st-josef","status":"publish","type":"page","link":"https:\/\/www.sankt-josef-es.de\/wpstes\/kontakt\/ansprechpartner\/hauptamtiches-team-von-st-josef\/","title":{"rendered":"Hauptamtliches Team von St Josef"},"content":{"rendered":"<h4>Anschrift:<\/h4>\n<p>Kath. Kirchengemeinde St. Josef, Barbarossastra\u00dfe 51, 73732 Esslingen<\/p>\n<h4>Telefonnummern:<\/h4>\n<table style=\"width: 100%;\" border=\"1\" cellspacing=\"1\" cellpadding=\"1\">\n<tbody>\n<tr>\n<td style=\"width: 80.4317%;\">Ltd. Pfarrer Stefan M\u00f6hler<\/td>\n<td style=\"text-align: right; width: 19.2086%;\"><span style=\"text-decoration: underline;\"><em><a href=\"tel:+497113969190\">0711\/3969190<\/a><\/em><\/span><\/td>\n<\/tr>\n<tr>\n<td style=\"width: 80.4317%;\">Pfarrb\u00fcro Karin Sch\u00f6n, Claudia Knetsch<\/td>\n<td style=\"text-align: right; width: 19.2086%;\"><a href=\"tel:+497113704015\"><span style=\"text-decoration: underline;\"><em>0711\/3704015<\/em><\/span><\/a><\/td>\n<\/tr>\n<tr>\n<td style=\"width: 80.4317%;\">Hausmeister Michael Kaiser<\/td>\n<td style=\"text-align: right; width: 19.2086%;\"><a href=\"mailto:michael.kaiser@drs.de\">michael.kaiser@drs.de<\/a><\/td>\n<\/tr>\n<tr>\n<td style=\"width: 80.4317%;\">Fax-Anschluss<\/td>\n<td style=\"text-align: right; width: 19.2086%;\"><a href=\"tel:+497113705682\"><span style=\"text-decoration: underline;\"><em>0711\/3705682<\/em><\/span><\/a><\/td>\n<\/tr>\n<tr>\n<td style=\"width: 80.4317%;\">Klinikseelsorge<br \/>\nPastoralreferentin Susanne Hepp-Kottmann<\/td>\n<td style=\"text-align: right; width: 19.2086%;\"><span style=\"text-decoration: underline;\"><em><a href=\"tel:+49711\/31032138\">0711\/3103-2138<\/a><\/em><\/span><\/td>\n<\/tr>\n<tr>\n<td style=\"width: 80.4317%;\">Kath. Kindergarten St. Josef, Barbarosastr. 49<\/td>\n<td style=\"text-align: right; width: 19.2086%;\"><em><a href=\"tel:+497113005561\"><span style=\"text-decoration: underline;\">0711\/3005561<\/span><\/a><\/em><\/td>\n<\/tr>\n<\/tbody>\n<\/table>\n<div>\u00a0<\/div>\n<h4>E-Mail:<\/h4>\n<p><span style=\"text-decoration: underline;\"><em><a href=\"mailto:Stjosef.esslingen@drs.de\">Stjosef.esslingen@drs.de<\/a><\/em><\/span><\/p>\n<h4>\u00d6ffnungszeiten des Pfarrb\u00fcros:<\/h4>\n<div>\n<p>Montagnachmittag 16:00 bis 18:00 Uhr<br \/>\nDienstagvormittag 09:00 bis 11:00 Uhr<br \/>\nMittwoch bis Freitag 09:00 bis 12:00 Uhr<\/p>\n<p>Ab 1. Juni gibt es ge\u00e4nderte \u00d6ffnungszeiten des Pfarrb\u00fcros:<br \/>\nMontag 16:00 &#8211; 18:00 Uhr<br \/>\nDienstag 9:00 &#8211; 11:00 Uhr<br \/>\nMittwoch und Freitag 9:00 &#8211; 12:00 Uhr<br \/>\nDonnerstag ist das Pfarrb\u00fcro geschlossen.<\/p>\n<\/div>\n<h4>Sprechstunde des Pfarrers:<\/h4>\n<p>Pfarrer M\u00f6hler ist nach telefonischer Vereinbarung zu erreichen.<\/p>\n<h4>Konto der Kath. Kirchengemeinde St. Josef Esslingen- Hohenkreuz:<\/h4>\n<p>KSK Esslingen Nr. 171 063 (BLZ 611 500 20)<br \/>\nIBAN DE10 6115 0020 0000 1710 63 BIC ESSLDE66XXX<\/p>\n","protected":false},"excerpt":{"rendered":"<p>Anschrift: Kath. Kirchengemeinde St. Josef, Barbarossastra\u00dfe 51, 73732 Esslingen Telefonnummern: Ltd. Pfarrer Stefan M\u00f6hler 0711\/3969190 Pfarrb\u00fcro Karin Sch\u00f6n, Claudia Knetsch 0711\/3704015 Hausmeister Michael Kaiser michael.kaiser@drs.de Fax-Anschluss 0711\/3705682 Klinikseelsorge Pastoralreferentin Susanne Hepp-Kottmann 0711\/3103-2138 Kath. Kindergarten St. Josef, Barbarosastr. 49 0711\/3005561 \u00a0<\/p>\n","protected":false},"author":1,"featured_media":0,"parent":62,"menu_order":1,"comment_status":"closed","ping_status":"closed","template":"","meta":{"_acf_changed":false,"iawp_total_views":18,"footnotes":""},"class_list":["post-105","page","type-page","status-publish","hentry"],"acf":[],"publishpress_future_action":{"enabled":false,"date":"2026-05-06 22:58:14","action":"change-status","newStatus":"draft","terms":[],"taxonomy":"","extraData":[]},"publishpress_future_workflow_manual_trigger":{"enabledWorkflows":[]},"_links":{"self":[{"href":"https:\/\/www.sankt-josef-es.de\/wpstes\/wp-json\/wp\/v2\/pages\/105","targetHints":{"allow":["GET"]}}],"collection":[{"href":"https:\/\/www.sankt-josef-es.de\/wpstes\/wp-json\/wp\/v2\/pages"}],"about":[{"href":"https:\/\/www.sankt-josef-es.de\/wpstes\/wp-json\/wp\/v2\/types\/page"}],"author":[{"embeddable":true,"href":"https:\/\/www.sankt-josef-es.de\/wpstes\/wp-json\/wp\/v2\/users\/1"}],"replies":[{"embeddable":true,"href":"https:\/\/www.sankt-josef-es.de\/wpstes\/wp-json\/wp\/v2\/comments?post=105"}],"version-history":[{"count":55,"href":"https:\/\/www.sankt-josef-es.de\/wpstes\/wp-json\/wp\/v2\/pages\/105\/revisions"}],"predecessor-version":[{"id":13359,"href":"https:\/\/www.sankt-josef-es.de\/wpstes\/wp-json\/wp\/v2\/pages\/105\/revisions\/13359"}],"up":[{"embeddable":true,"href":"https:\/\/www.sankt-josef-es.de\/wpstes\/wp-json\/wp\/v2\/pages\/62"}],"wp:attachment":[{"href":"https:\/\/www.sankt-josef-es.de\/wpstes\/wp-json\/wp\/v2\/media?parent=105"}],"curies":[{"name":"wp","href":"https:\/\/api.w.org\/{rel}","templated":true}]}}